{"id":7,"date":"2024-04-24T10:56:00","date_gmt":"2024-04-24T08:56:00","guid":{"rendered":"https:\/\/cassanoalloionio.webdiocesi.it\/disabilita\/?page_id=7"},"modified":"2024-12-10T12:08:54","modified_gmt":"2024-12-10T11:08:54","slug":"home-page","status":"publish","type":"page","link":"https:\/\/www.diocesicassanoalloionio.it\/disabilita\/","title":{"rendered":"Home Page"},"content":{"rendered":"<div id=\"pl-7\"  class=\"panel-layout\" ><div id=\"pg-7-0\"  class=\"panel-grid panel-has-style\" ><div class=\"cas_ionio_section_row panel-row-style panel-row-style-for-7-0\" ><div id=\"pgc-7-0-0\"  class=\"panel-grid-cell\" ><div id=\"panel-7-0-0-0\" class=\"widget_text so-panel widget widget_custom_html panel-first-child\" data-index=\"0\" ><div class=\"widget_text cas_ionio_section_title_box panel-widget-style panel-widget-style-for-7-0-0-0\" ><div class=\"textwidget custom-html-widget\"><p class=\"cas_ionio_section_title\">In primo piano<\/p><\/div><\/div><\/div><div id=\"panel-7-0-0-1\" class=\"so-panel widget widget_siteorigin-panels-builder panel-last-child\" data-index=\"1\" ><div class=\"cas_ionio_section_news panel-widget-style panel-widget-style-for-7-0-0-1\" ><div id=\"pl-w6628c91aec647\"  class=\"panel-layout\" ><div id=\"pg-w6628c91aec647-0\"  class=\"panel-grid panel-no-style\" ><div id=\"pgc-w6628c91aec647-0-0\"  class=\"panel-grid-cell\" ><div id=\"panel-w6628c91aec647-0-0-0\" class=\"widget_text so-panel widget widget_custom_html panel-first-child panel-last-child\" data-index=\"0\" ><div class=\"widget_text cas_ionio_section_archive_link panel-widget-style panel-widget-style-for-w6628c91aec647-0-0-0\" ><div class=\"textwidget custom-html-widget\"><div class=\"cas_ionio_archive_link\">\n\t<a href=\"category\/news\/\" class=\"d-flex\">tutte le notizie<\/a>\n<\/div><\/div><\/div><\/div><\/div><div id=\"pgc-w6628c91aec647-0-1\"  class=\"panel-grid-cell\" ><div id=\"panel-w6628c91aec647-0-1-0\" class=\"so-panel widget widget_bso-so-widget-all-in-one panel-first-child panel-last-child\" data-index=\"1\" ><div\n\t\t\t\n\t\t\tclass=\"so-widget-bso-so-widget-all-in-one so-widget-bso-so-widget-all-in-one-default-d75171398898\"\n\t\t\t\n\t\t><div class=\"row\">                             <div class=\"col-lg-6 col-md-4 col-xs-12\"> \n <div class=\"cas_ionio_box_img\">\n<a class=\"d-block\" href=\"https:\/\/www.diocesicassanoalloionio.it\/disabilita\/via-crucis-inclusiva-3\/\">\n<img decoding=\"async\" src=\"https:\/\/www.diocesicassanoalloionio.it\/disabilita\/wp-content\/uploads\/sites\/7\/2026\/03\/Progetto-senza-titolo.jpg\"\/>\n<\/a>\n<\/div>\n<\/div> \n<div class=\"col-lg-6 col-md-8 col-xs-12\">\n<div class=\"cas_ionio_box_text\">\n<a class=\"d-block\" href=\"https:\/\/www.diocesicassanoalloionio.it\/disabilita\/via-crucis-inclusiva-3\/\">\n<h2>Via Crucis Inclusiva<\/h2>\n<\/a>\n <div class=\"cas_ionio_box_excerpt\">\n<a class=\"d-block\" href=\"https:\/\/www.diocesicassanoalloionio.it\/disabilita\/via-crucis-inclusiva-3\/\">\n<p>Si terr\u00e0 venerd\u00ec 27 marzo ad Amendolara, sull\u2019Alto Jonio cosentino, la Via Crucis inclusiva, promossa dall\u2019Ufficio di Pastorale della Disabilit\u00e0 della Diocesi di Cassano all\u2019Ionio. L\u2019iniziativa si propone come un\u2019esperienza aperta a tutti, a partire dalle persone con disabilit\u00e0, con l\u2019obiettivo di costruire un percorso condiviso in cui ciascuno possa sentirsi parte attiva della comunit\u00e0. Attraverso la dimensione della fede e della riflessione religiosa, l\u2019evento intende anche riportare al centro del dibattito pubblico le tematiche legate al mondo della&hellip; <a href=\"https:\/\/www.diocesicassanoalloionio.it\/disabilita\/via-crucis-inclusiva-3\/\" class=\"read-more\">Read More<\/a><\/p>\n<\/a>\n<\/div>\n<div class=\"cas_ionio_data\">20 Marzo 2026<\/div>\n<\/div>\n<\/div>\n                           <\/div><\/div><\/div><\/div><\/div><\/div><\/div><\/div><\/div><\/div><\/div><div id=\"pg-7-1\"  class=\"panel-grid panel-has-style\" ><div class=\"cas_ionio_section_row panel-row-style panel-row-style-for-7-1\" ><div id=\"pgc-7-1-0\"  class=\"panel-grid-cell\" ><div id=\"panel-7-1-0-0\" class=\"so-panel widget widget_siteorigin-panels-builder panel-first-child panel-last-child\" data-index=\"2\" ><div class=\"cas_ionio_section_news panel-widget-style panel-widget-style-for-7-1-0-0\" ><div id=\"pl-w675821463f1f2\"  class=\"panel-layout\" ><div id=\"pg-w675821463f1f2-0\"  class=\"panel-grid panel-no-style\" ><div id=\"pgc-w675821463f1f2-0-0\"  class=\"panel-grid-cell\" ><div id=\"panel-w675821463f1f2-0-0-0\" class=\"widget_text so-panel widget widget_custom_html panel-first-child\" data-index=\"0\" ><div class=\"widget_text cas_ionio_section_title_box panel-widget-style panel-widget-style-for-w675821463f1f2-0-0-0\" ><div class=\"textwidget custom-html-widget\"><p class=\"cas_ionio_section_title\">Ultime notizie<\/p><\/div><\/div><\/div><div id=\"panel-w675821463f1f2-0-0-1\" class=\"so-panel widget widget_siteorigin-panels-builder panel-last-child\" data-index=\"1\" ><div id=\"pl-w675821463f203\"  class=\"panel-layout\" ><div id=\"pg-w675821463f203-0\"  class=\"panel-grid panel-no-style\" ><div id=\"pgc-w675821463f203-0-0\"  class=\"panel-grid-cell\" ><div id=\"panel-w675821463f203-0-0-0\" class=\"widget_text so-panel widget widget_custom_html panel-first-child panel-last-child\" data-index=\"0\" ><div class=\"widget_text cas_ionio_section_archive_link panel-widget-style panel-widget-style-for-w675821463f203-0-0-0\" ><div class=\"textwidget custom-html-widget\"><div class=\"cas_ionio_archive_link\">\n\t<a href=\"category\/news\/\" class=\"d-flex\">tutte le notizie<\/a>\n<\/div>\n<\/div><\/div><\/div><\/div><div id=\"pgc-w675821463f203-0-1\"  class=\"panel-grid-cell\" ><div id=\"panel-w675821463f203-0-1-0\" class=\"so-panel widget widget_bso-so-widget-all-in-one panel-first-child panel-last-child\" data-index=\"1\" ><div class=\"ultimenews panel-widget-style panel-widget-style-for-w675821463f203-0-1-0\" ><div\n\t\t\t\n\t\t\tclass=\"so-widget-bso-so-widget-all-in-one so-widget-bso-so-widget-all-in-one-default-d75171398898\"\n\t\t\t\n\t\t><div class=\"row\">                             <div class=\"col-lg-6 col-md-6 col-xs-12\">\n<div class=\"cas_ionio_single_box\">\n<a class=\"d-block\" href=\"https:\/\/www.diocesicassanoalloionio.it\/disabilita\/giornata-internazionale-delle-persone-con-disabilita\/\">\n <div class=\"cas_ionio_img_back\" style=\"background-image: url('https:\/\/www.diocesicassanoalloionio.it\/disabilita\/wp-content\/uploads\/sites\/7\/2024\/11\/anteprima-sitpo.jpg');height:193px;\"><\/div>\n<\/a>\n<a class=\"d-block\" href=\"https:\/\/www.diocesicassanoalloionio.it\/disabilita\/giornata-internazionale-delle-persone-con-disabilita\/\">\n <h2>Giornata Internazionale delle Persone con Disabilit\u00e0<\/h2>\n<\/a>\n\n <div><a class=\"d-block\" href=\"https:\/\/www.diocesicassanoalloionio.it\/disabilita\/giornata-internazionale-delle-persone-con-disabilita\/\"><p>Il prossimo 3 dicembre, in occasione della Giornata Internazionale delle Persone con Disabilit\u00e0, la Diocesi di Cassano all&#8217;Jonio guidata da&hellip; <a href=\"https:\/\/www.diocesicassanoalloionio.it\/disabilita\/giornata-internazionale-delle-persone-con-disabilita\/\" class=\"read-more\">Read More<\/a><\/p><\/a><\/div>\n<\/div>\n<\/div>\n                                                       <div class=\"col-lg-6 col-md-6 col-xs-12\">\n<div class=\"cas_ionio_single_box\">\n<a class=\"d-block\" href=\"https:\/\/www.diocesicassanoalloionio.it\/disabilita\/giochi-senza-barrire\/\">\n <div class=\"cas_ionio_img_back\" style=\"background-image: url('https:\/\/www.diocesicassanoalloionio.it\/disabilita\/wp-content\/uploads\/sites\/7\/2024\/06\/WhatsApp-Image-2024-06-14-at-21.25.38.jpg');height:193px;\"><\/div>\n<\/a>\n<a class=\"d-block\" href=\"https:\/\/www.diocesicassanoalloionio.it\/disabilita\/giochi-senza-barrire\/\">\n <h2>Giochi senza Barrire<\/h2>\n<\/a>\n\n <div><a class=\"d-block\" href=\"https:\/\/www.diocesicassanoalloionio.it\/disabilita\/giochi-senza-barrire\/\"><p>Cercare di dare un approccio integrato al tema della disabilit\u00e0 perch\u00e9 i ragazzi che hanno pi\u00f9 bisogno di aiuto necessitano&hellip; <a href=\"https:\/\/www.diocesicassanoalloionio.it\/disabilita\/giochi-senza-barrire\/\" class=\"read-more\">Read More<\/a><\/p><\/a><\/div>\n<\/div>\n<\/div>\n                                                       <div class=\"col-lg-6 col-md-6 col-xs-12\">\n<div class=\"cas_ionio_single_box\">\n<a class=\"d-block\" href=\"https:\/\/www.diocesicassanoalloionio.it\/disabilita\/via-crucis-inclusiva\/\">\n <div class=\"cas_ionio_img_back\" style=\"background-image: url('https:\/\/www.diocesicassanoalloionio.it\/disabilita\/wp-content\/uploads\/sites\/7\/2024\/05\/WhatsApp-Image-2024-02-17-at-12.03.04.jpeg');height:193px;\"><\/div>\n<\/a>\n<a class=\"d-block\" href=\"https:\/\/www.diocesicassanoalloionio.it\/disabilita\/via-crucis-inclusiva\/\">\n <h2>Via Crucis Inclusiva<\/h2>\n<\/a>\n\n <div><a class=\"d-block\" href=\"https:\/\/www.diocesicassanoalloionio.it\/disabilita\/via-crucis-inclusiva\/\"><p>Prima Via Crucis inclusiva organizzata dall\u2019Ufficio di Pastorale per le persone con disabilit\u00e0 della Diocesi di Cassano All\u2019Jonio diretto dal&hellip; <a href=\"https:\/\/www.diocesicassanoalloionio.it\/disabilita\/via-crucis-inclusiva\/\" class=\"read-more\">Read More<\/a><\/p><\/a><\/div>\n<\/div>\n<\/div>\n                                                       <div class=\"col-lg-6 col-md-6 col-xs-12\">\n<div class=\"cas_ionio_single_box\">\n<a class=\"d-block\" href=\"https:\/\/www.diocesicassanoalloionio.it\/disabilita\/tombolata-dellinclusione\/\">\n <div class=\"cas_ionio_img_back\" style=\"background-image: url('https:\/\/www.diocesicassanoalloionio.it\/disabilita\/wp-content\/uploads\/sites\/7\/2024\/05\/Merry-Christmas.jpg');height:193px;\"><\/div>\n<\/a>\n<a class=\"d-block\" href=\"https:\/\/www.diocesicassanoalloionio.it\/disabilita\/tombolata-dellinclusione\/\">\n <h2>Tombolata dell&#8217;Inclusione<\/h2>\n<\/a>\n\n <div><a class=\"d-block\" href=\"https:\/\/www.diocesicassanoalloionio.it\/disabilita\/tombolata-dellinclusione\/\"><p>Attraverso l\u2019Ufficio di Pastorale per le Persone con Disabilit\u00e0, il Vescovo Mons. Francesco Savino vuole organizzare un momento di comunione&hellip; <a href=\"https:\/\/www.diocesicassanoalloionio.it\/disabilita\/tombolata-dellinclusione\/\" class=\"read-more\">Read More<\/a><\/p><\/a><\/div>\n<\/div>\n<\/div>\n                                                       <div class=\"col-lg-6 col-md-6 col-xs-12\">\n<div class=\"cas_ionio_single_box\">\n<a class=\"d-block\" href=\"https:\/\/www.diocesicassanoalloionio.it\/disabilita\/giornata-delle-persone-con-disabilita\/\">\n <div class=\"cas_ionio_img_back\" style=\"background-image: url('https:\/\/www.diocesicassanoalloionio.it\/disabilita\/wp-content\/uploads\/sites\/7\/2024\/05\/3-dicembre.jpeg');height:193px;\"><\/div>\n<\/a>\n<a class=\"d-block\" href=\"https:\/\/www.diocesicassanoalloionio.it\/disabilita\/giornata-delle-persone-con-disabilita\/\">\n <h2>Giornata delle persone con disabilit\u00e0<\/h2>\n<\/a>\n\n <div><a class=\"d-block\" href=\"https:\/\/www.diocesicassanoalloionio.it\/disabilita\/giornata-delle-persone-con-disabilita\/\"><p>Sar\u00e0 celebrata, a livello diocesano, domenica 3 dicembre p.v., la \u201cGiornata delle persone con disabilit\u00e0\u201d. Il servizio di Pastorale&hellip; <a href=\"https:\/\/www.diocesicassanoalloionio.it\/disabilita\/giornata-delle-persone-con-disabilita\/\" class=\"read-more\">Read More<\/a><\/p><\/a><\/div>\n<\/div>\n<\/div>\n                                                       <div class=\"col-lg-6 col-md-6 col-xs-12\">\n<div class=\"cas_ionio_single_box\">\n<a class=\"d-block\" href=\"https:\/\/www.diocesicassanoalloionio.it\/disabilita\/auto-mutuo-aiuto-ama-per-le-famiglie-con-persone-con-disabilit\/\">\n <div class=\"cas_ionio_img_back\" style=\"background-image: url('https:\/\/www.diocesicassanoalloionio.it\/disabilita\/wp-content\/uploads\/sites\/7\/2024\/04\/WhatsApp-Image-2023-02-07-at-20.20.02.jpeg');height:193px;\"><\/div>\n<\/a>\n<a class=\"d-block\" href=\"https:\/\/www.diocesicassanoalloionio.it\/disabilita\/auto-mutuo-aiuto-ama-per-le-famiglie-con-persone-con-disabilit\/\">\n <h2>Auto-mutuo-aiuto (AMA) per le famiglie con persone con disabilit<\/h2>\n<\/a>\n\n <div><a class=\"d-block\" href=\"https:\/\/www.diocesicassanoalloionio.it\/disabilita\/auto-mutuo-aiuto-ama-per-le-famiglie-con-persone-con-disabilit\/\"><p>Ufficio di Pastorale per le persone con disabilit\u00e0. Progetto interdiocesano di auto-mutuo-aiuto (AMA) per le famiglie con persone con disabilit\u00e0. <a href=\"https:\/\/www.diocesicassanoalloionio.it\/disabilita\/auto-mutuo-aiuto-ama-per-le-famiglie-con-persone-con-disabilit\/\" class=\"read-more\">Read More<\/a><\/p><\/a><\/div>\n<\/div>\n<\/div>\n                           <\/div><\/div><\/div><\/div><\/div><\/div><\/div><\/div><\/div><\/div><\/div><\/div><\/div><\/div><div id=\"pgc-7-1-1\"  class=\"panel-grid-cell\" ><div id=\"cell-dx\" class=\"panel-cell-style panel-cell-style-for-7-1-1\" ><div id=\"panel-7-1-1-0\" class=\"so-panel widget widget_sow-editor panel-first-child\" data-index=\"3\" ><div\n\t\t\t\n\t\t\tclass=\"so-widget-sow-editor so-widget-sow-editor-base\"\n\t\t\t\n\t\t><h3 class=\"widget-title\">Organigramma<\/h3>\n<div class=\"siteorigin-widget-tinymce textwidget\">\n\t<ul>\n<li><strong>Direttore<\/strong>: dott. Vincenzo Stivala<\/li>\n<\/ul>\n<\/div>\n<\/div><\/div><div id=\"panel-7-1-1-1\" class=\"so-panel widget widget_sow-image panel-last-child\" data-index=\"4\" ><div\n\t\t\t\n\t\t\tclass=\"so-widget-sow-image so-widget-sow-image-default-c67d20f9f743-209\"\n\t\t\t\n\t\t>\n\n<div class=\"sow-image-container\">\n\t\t\t<a href=\"https:\/\/pastoraledisabili.chiesacattolica.it\/\"\n\t\t\ttarget=\"_blank\" rel=\"noopener noreferrer\" \t\t>\n\t\t\t<img loading=\"lazy\" decoding=\"async\" src=\"https:\/\/www.diocesicassanoalloionio.it\/disabilita\/wp-content\/uploads\/sites\/7\/2024\/04\/cei-pastorale-disabili-900x506-1.jpg\" width=\"900\" height=\"506\" srcset=\"https:\/\/www.diocesicassanoalloionio.it\/disabilita\/wp-content\/uploads\/sites\/7\/2024\/04\/cei-pastorale-disabili-900x506-1.jpg 900w, https:\/\/www.diocesicassanoalloionio.it\/disabilita\/wp-content\/uploads\/sites\/7\/2024\/04\/cei-pastorale-disabili-900x506-1-300x169.jpg 300w, https:\/\/www.diocesicassanoalloionio.it\/disabilita\/wp-content\/uploads\/sites\/7\/2024\/04\/cei-pastorale-disabili-900x506-1-768x432.jpg 768w\" sizes=\"(max-width: 900px) 100vw, 900px\" title=\"pastoraledisabili.chiesacattolica.it\" alt=\"pastoraledisabili.chiesacattolica.it\" \t\tclass=\"so-widget-image\"\/>\n\t<\/a><\/div>\n\n<\/div><\/div><\/div><\/div><\/div><\/div><\/div>","protected":false},"excerpt":{"rendered":"<p>Organigramma Direttore: dott. Vincenzo Stivala<\/p>\n","protected":false},"author":0,"featured_media":0,"parent":0,"menu_order":0,"comment_status":"closed","ping_status":"closed","template":"","meta":{"_acf_changed":false,"footnotes":""},"acf":{"seed-localization-paese-cod":"","seed-localization-address":"","seed-localization-citta":"","seed-localization-regione-cod-istat":"","seed-localization-citta-cod-istat":"","seed-localization-localita":"","seed-localization-cap":"","seed-localization-geo":{"lat":41.90552298770031,"lng":12.509441971778871,"zoom":10,"markers":[],"address":"","layers":["OpenStreetMap.Mapnik"]},"seed-localization-marker-visibility":false,"seed-localization-children-visibility":false,"seed-localization-kml":null,"seed-localization-custom-marker":null},"_links":{"self":[{"href":"https:\/\/www.diocesicassanoalloionio.it\/disabilita\/wp-json\/wp\/v2\/pages\/7"}],"collection":[{"href":"https:\/\/www.diocesicassanoalloionio.it\/disabilita\/wp-json\/wp\/v2\/pages"}],"about":[{"href":"https:\/\/www.diocesicassanoalloionio.it\/disabilita\/wp-json\/wp\/v2\/types\/page"}],"author":[{"embeddable":true,"href":"https:\/\/www.diocesicassanoalloionio.it\/disabilita\/wp-json\/wp\/v2\/users\/1"}],"replies":[{"embeddable":true,"href":"https:\/\/www.diocesicassanoalloionio.it\/disabilita\/wp-json\/wp\/v2\/comments?post=7"}],"version-history":[{"count":18,"href":"https:\/\/www.diocesicassanoalloionio.it\/disabilita\/wp-json\/wp\/v2\/pages\/7\/revisions"}],"predecessor-version":[{"id":260,"href":"https:\/\/www.diocesicassanoalloionio.it\/disabilita\/wp-json\/wp\/v2\/pages\/7\/revisions\/260"}],"wp:attachment":[{"href":"https:\/\/www.diocesicassanoalloionio.it\/disabilita\/wp-json\/wp\/v2\/media?parent=7"}],"curies":[{"name":"wp","href":"https:\/\/api.w.org\/{rel}","templated":true}]}}